{"id":14,"date":"2025-04-30T14:55:00","date_gmt":"2025-04-30T14:55:00","guid":{"rendered":"https:\/\/nizacientifica.com\/niza\/?page_id=14"},"modified":"2025-06-19T16:06:13","modified_gmt":"2025-06-19T16:06:13","slug":"news","status":"publish","type":"page","link":"https:\/\/nizacientifica.com\/niza\/news\/","title":{"rendered":"News"},"content":{"rendered":"\t\t<div data-elementor-type=\"wp-page\" data-elementor-id=\"14\" class=\"elementor elementor-14\" data-elementor-post-type=\"page\">\n\t\t\t\t<div class=\"elementor-element elementor-element-6837b92 e-flex e-con-boxed e-con e-parent\" data-id=\"6837b92\" data-element_type=\"container\" data-e-type=\"container\">\n\t\t\t\t\t<div class=\"e-con-inner\">\n\t\t\t\t<div class=\"elementor-element elementor-element-1799705 elementor-widget elementor-widget-heading\" data-id=\"1799705\" data-element_type=\"widget\" data-e-type=\"widget\" data-widget_type=\"heading.default\">\n\t\t\t\t<div class=\"elementor-widget-container\">\n\t\t\t\t\t<h2 class=\"elementor-heading-title elementor-size-default\">EXPLOR\u00c1 LOS ART\u00cdCULOS SOBRE CUIDADO DE LA PIEL Y \u00daLTIMAS TENDENCIAS\n<\/h2>\t\t\t\t<\/div>\n\t\t\t\t<\/div>\n\t\t\t\t<div class=\"elementor-element elementor-element-b40edc0 elementor-widget elementor-widget-text-editor\" data-id=\"b40edc0\" data-element_type=\"widget\" data-e-type=\"widget\" data-widget_type=\"text-editor.default\">\n\t\t\t\t<div class=\"elementor-widget-container\">\n\t\t\t\t\t\t\t\t\t<p>F\u00e1ciles de entender y siempre \u00fatiles, nuestros art\u00edculos sobre el cuidado de la piel te ayudan a comprender la ciencia detr\u00e1s del cuidado de la piel. Desde tutoriales hasta mitos sobre la piel, an\u00e1lisis profundos y mucho m\u00e1s, descubr\u00ed lo que realmente funciona, no solo lo que&nbsp;est\u00e1&nbsp;de&nbsp;moda.<\/p>\t\t\t\t\t\t\t\t<\/div>\n\t\t\t\t<\/div>\n\t\t\t\t<div class=\"elementor-element elementor-element-fdef596 elementor-grid-3 elementor-grid-tablet-2 elementor-grid-mobile-1 elementor-posts--thumbnail-top load-more-align-center elementor-widget elementor-widget-posts\" data-id=\"fdef596\" data-element_type=\"widget\" data-e-type=\"widget\" data-settings=\"{&quot;pagination_type&quot;:&quot;load_more_on_click&quot;,&quot;classic_columns&quot;:&quot;3&quot;,&quot;classic_columns_tablet&quot;:&quot;2&quot;,&quot;classic_columns_mobile&quot;:&quot;1&quot;,&quot;classic_row_gap&quot;:{&quot;unit&quot;:&quot;px&quot;,&quot;size&quot;:35,&quot;sizes&quot;:[]},&quot;classic_row_gap_tablet&quot;:{&quot;unit&quot;:&quot;px&quot;,&quot;size&quot;:&quot;&quot;,&quot;sizes&quot;:[]},&quot;classic_row_gap_mobile&quot;:{&quot;unit&quot;:&quot;px&quot;,&quot;size&quot;:&quot;&quot;,&quot;sizes&quot;:[]},&quot;load_more_spinner&quot;:{&quot;value&quot;:&quot;fas fa-spinner&quot;,&quot;library&quot;:&quot;fa-solid&quot;}}\" data-widget_type=\"posts.classic\">\n\t\t\t\t<div class=\"elementor-widget-container\">\n\t\t\t\t\t\t\t<div class=\"elementor-posts-container elementor-posts elementor-posts--skin-classic elementor-grid\" role=\"list\">\n\t\t\t\t<article class=\"elementor-post elementor-grid-item post-11373 post type-post status-publish format-standard has-post-thumbnail hentry category-tips\" role=\"listitem\">\n\t\t\t\t<a class=\"elementor-post__thumbnail__link\" href=\"https:\/\/nizacientifica.com\/niza\/nizahub\/tips\/el-poder-del-retinol-el-activo-antiage-mas-estudiado-y-recomendado\/\" tabindex=\"-1\" >\n\t\t\t<div class=\"elementor-post__thumbnail\"><img fetchpriority=\"high\" decoding=\"async\" width=\"300\" height=\"297\" src=\"https:\/\/nizacientifica.com\/niza\/wp-content\/uploads\/2025\/12\/El-poder-del-retinol-300x297.jpg\" class=\"attachment-medium size-medium wp-image-11374\" alt=\"\" srcset=\"https:\/\/nizacientifica.com\/niza\/wp-content\/uploads\/2025\/12\/El-poder-del-retinol-300x297.jpg 300w, https:\/\/nizacientifica.com\/niza\/wp-content\/uploads\/2025\/12\/El-poder-del-retinol-150x150.jpg 150w, https:\/\/nizacientifica.com\/niza\/wp-content\/uploads\/2025\/12\/El-poder-del-retinol-768x761.jpg 768w, https:\/\/nizacientifica.com\/niza\/wp-content\/uploads\/2025\/12\/El-poder-del-retinol.jpg 1024w\" sizes=\"(max-width: 300px) 100vw, 300px\" \/><\/div>\n\t\t<\/a>\n\t\t\t\t<div class=\"elementor-post__text\">\n\t\t\t\t<h3 class=\"elementor-post__title\">\n\t\t\t<a href=\"https:\/\/nizacientifica.com\/niza\/nizahub\/tips\/el-poder-del-retinol-el-activo-antiage-mas-estudiado-y-recomendado\/\" >\n\t\t\t\tEl poder del retinol: el activo antiage m\u00e1s estudiado y recomendado\t\t\t<\/a>\n\t\t<\/h3>\n\t\t\t\t<div class=\"elementor-post__excerpt\">\n\t\t\t<p>Descubr\u00ed c\u00f3mo act\u00faa el retinol en la piel, por qu\u00e9 es uno de los activos m\u00e1s recomendados en dermatolog\u00eda y c\u00f3mo usar la l\u00ednea Skinretin<\/p>\n\t\t<\/div>\n\t\t\n\t\t<a class=\"elementor-post__read-more\" href=\"https:\/\/nizacientifica.com\/niza\/nizahub\/tips\/el-poder-del-retinol-el-activo-antiage-mas-estudiado-y-recomendado\/\" aria-label=\"M\u00e1s informaci\u00f3n sobre El poder del retinol: el activo antiage m\u00e1s estudiado y recomendado\" tabindex=\"-1\" >\n\t\t\tLeer m\u00e1s \u00bb\t\t<\/a>\n\n\t\t\t\t<\/div>\n\t\t\t\t<\/article>\n\t\t\t\t<article class=\"elementor-post elementor-grid-item post-11370 post type-post status-publish format-standard has-post-thumbnail hentry category-tips\" role=\"listitem\">\n\t\t\t\t<a class=\"elementor-post__thumbnail__link\" href=\"https:\/\/nizacientifica.com\/niza\/nizahub\/tips\/revive-balm-el-balsamo-limpiador-que-transforma-la-higiene-facial\/\" tabindex=\"-1\" >\n\t\t\t<div class=\"elementor-post__thumbnail\"><img decoding=\"async\" width=\"300\" height=\"297\" src=\"https:\/\/nizacientifica.com\/niza\/wp-content\/uploads\/2025\/12\/REVIVE-BALM-300x297.jpg\" class=\"attachment-medium size-medium wp-image-11371\" alt=\"\" srcset=\"https:\/\/nizacientifica.com\/niza\/wp-content\/uploads\/2025\/12\/REVIVE-BALM-300x297.jpg 300w, https:\/\/nizacientifica.com\/niza\/wp-content\/uploads\/2025\/12\/REVIVE-BALM-150x150.jpg 150w, https:\/\/nizacientifica.com\/niza\/wp-content\/uploads\/2025\/12\/REVIVE-BALM-768x761.jpg 768w, https:\/\/nizacientifica.com\/niza\/wp-content\/uploads\/2025\/12\/REVIVE-BALM.jpg 1024w\" sizes=\"(max-width: 300px) 100vw, 300px\" \/><\/div>\n\t\t<\/a>\n\t\t\t\t<div class=\"elementor-post__text\">\n\t\t\t\t<h3 class=\"elementor-post__title\">\n\t\t\t<a href=\"https:\/\/nizacientifica.com\/niza\/nizahub\/tips\/revive-balm-el-balsamo-limpiador-que-transforma-la-higiene-facial\/\" >\n\t\t\t\tRevive Balm: el b\u00e1lsamo limpiador que transforma la higiene facial\t\t\t<\/a>\n\t\t<\/h3>\n\t\t\t\t<div class=\"elementor-post__excerpt\">\n\t\t\t<p>Descubr\u00ed por qu\u00e9 los b\u00e1lsamos limpiadores son tendencia mundial y c\u00f3mo Revive Balm logra una limpieza profunda, sensorial y apta para todo tipo de piel,<\/p>\n\t\t<\/div>\n\t\t\n\t\t<a class=\"elementor-post__read-more\" href=\"https:\/\/nizacientifica.com\/niza\/nizahub\/tips\/revive-balm-el-balsamo-limpiador-que-transforma-la-higiene-facial\/\" aria-label=\"M\u00e1s informaci\u00f3n sobre Revive Balm: el b\u00e1lsamo limpiador que transforma la higiene facial\" tabindex=\"-1\" >\n\t\t\tLeer m\u00e1s \u00bb\t\t<\/a>\n\n\t\t\t\t<\/div>\n\t\t\t\t<\/article>\n\t\t\t\t<article class=\"elementor-post elementor-grid-item post-11367 post type-post status-publish format-standard has-post-thumbnail hentry category-tips\" role=\"listitem\">\n\t\t\t\t<a class=\"elementor-post__thumbnail__link\" href=\"https:\/\/nizacientifica.com\/niza\/nizahub\/tips\/11367\/\" tabindex=\"-1\" >\n\t\t\t<div class=\"elementor-post__thumbnail\"><img decoding=\"async\" width=\"300\" height=\"297\" src=\"https:\/\/nizacientifica.com\/niza\/wp-content\/uploads\/2025\/12\/Skin-mapping-Antiage-300x297.jpg\" class=\"attachment-medium size-medium wp-image-11365\" alt=\"\" srcset=\"https:\/\/nizacientifica.com\/niza\/wp-content\/uploads\/2025\/12\/Skin-mapping-Antiage-300x297.jpg 300w, https:\/\/nizacientifica.com\/niza\/wp-content\/uploads\/2025\/12\/Skin-mapping-Antiage-150x150.jpg 150w, https:\/\/nizacientifica.com\/niza\/wp-content\/uploads\/2025\/12\/Skin-mapping-Antiage-768x761.jpg 768w, https:\/\/nizacientifica.com\/niza\/wp-content\/uploads\/2025\/12\/Skin-mapping-Antiage.jpg 1024w\" sizes=\"(max-width: 300px) 100vw, 300px\" \/><\/div>\n\t\t<\/a>\n\t\t\t\t<div class=\"elementor-post__text\">\n\t\t\t\t<h3 class=\"elementor-post__title\">\n\t\t\t<a href=\"https:\/\/nizacientifica.com\/niza\/nizahub\/tips\/11367\/\" >\n\t\t\t\tSkin Mapping Antiage: el diagn\u00f3stico inteligente que revoluciona los tratamientos de rejuvenecimiento\t\t\t<\/a>\n\t\t<\/h3>\n\t\t\t\t<div class=\"elementor-post__excerpt\">\n\t\t\t<p>Descubr\u00ed c\u00f3mo el Skin Mapping Antiage permite analizar la piel por zonas para elegir el tratamiento rejuvenecedor ideal. Conoc\u00e9 los blends dermatol\u00f3gicos de Niza Cient\u00edfica.<\/p>\n\t\t<\/div>\n\t\t\n\t\t<a class=\"elementor-post__read-more\" href=\"https:\/\/nizacientifica.com\/niza\/nizahub\/tips\/11367\/\" aria-label=\"M\u00e1s informaci\u00f3n sobre Skin Mapping Antiage: el diagn\u00f3stico inteligente que revoluciona los tratamientos de rejuvenecimiento\" tabindex=\"-1\" >\n\t\t\tLeer m\u00e1s \u00bb\t\t<\/a>\n\n\t\t\t\t<\/div>\n\t\t\t\t<\/article>\n\t\t\t\t<article class=\"elementor-post elementor-grid-item post-6957 post type-post status-publish format-standard has-post-thumbnail hentry category-tips\" role=\"listitem\">\n\t\t\t\t<a class=\"elementor-post__thumbnail__link\" href=\"https:\/\/nizacientifica.com\/niza\/nizahub\/tips\/piel-sensible-vs-piel-sensibilizada\/\" tabindex=\"-1\" >\n\t\t\t<div class=\"elementor-post__thumbnail\"><img loading=\"lazy\" decoding=\"async\" width=\"300\" height=\"297\" src=\"https:\/\/nizacientifica.com\/niza\/wp-content\/uploads\/2024\/10\/8_piel-sensible-vs-sensibilizad_2-300x297.jpg\" class=\"attachment-medium size-medium wp-image-7801\" alt=\"\" srcset=\"https:\/\/nizacientifica.com\/niza\/wp-content\/uploads\/2024\/10\/8_piel-sensible-vs-sensibilizad_2-300x297.jpg 300w, https:\/\/nizacientifica.com\/niza\/wp-content\/uploads\/2024\/10\/8_piel-sensible-vs-sensibilizad_2-150x150.jpg 150w, https:\/\/nizacientifica.com\/niza\/wp-content\/uploads\/2024\/10\/8_piel-sensible-vs-sensibilizad_2-768x761.jpg 768w, https:\/\/nizacientifica.com\/niza\/wp-content\/uploads\/2024\/10\/8_piel-sensible-vs-sensibilizad_2.jpg 1024w\" sizes=\"(max-width: 300px) 100vw, 300px\" \/><\/div>\n\t\t<\/a>\n\t\t\t\t<div class=\"elementor-post__text\">\n\t\t\t\t<h3 class=\"elementor-post__title\">\n\t\t\t<a href=\"https:\/\/nizacientifica.com\/niza\/nizahub\/tips\/piel-sensible-vs-piel-sensibilizada\/\" >\n\t\t\t\tPIEL SENSIBLE VS. PIEL SENSIBILIZADA\t\t\t<\/a>\n\t\t<\/h3>\n\t\t\t\t<div class=\"elementor-post__excerpt\">\n\t\t\t<p>La piel sensible se caracteriza por una textura fina de aspecto transl\u00facido y una sensaci\u00f3n de tirantez, que puede indicar deshidrataci\u00f3n y provocar reacciones a los productos.<\/p>\n\t\t<\/div>\n\t\t\n\t\t<a class=\"elementor-post__read-more\" href=\"https:\/\/nizacientifica.com\/niza\/nizahub\/tips\/piel-sensible-vs-piel-sensibilizada\/\" aria-label=\"M\u00e1s informaci\u00f3n sobre PIEL SENSIBLE VS. PIEL SENSIBILIZADA\" tabindex=\"-1\" >\n\t\t\tLeer m\u00e1s \u00bb\t\t<\/a>\n\n\t\t\t\t<\/div>\n\t\t\t\t<\/article>\n\t\t\t\t<article class=\"elementor-post elementor-grid-item post-6950 post type-post status-publish format-standard has-post-thumbnail hentry category-tips\" role=\"listitem\">\n\t\t\t\t<a class=\"elementor-post__thumbnail__link\" href=\"https:\/\/nizacientifica.com\/niza\/nizahub\/tips\/manchas-oscuras-en-la-piel\/\" tabindex=\"-1\" >\n\t\t\t<div class=\"elementor-post__thumbnail\"><img loading=\"lazy\" decoding=\"async\" width=\"300\" height=\"297\" src=\"https:\/\/nizacientifica.com\/niza\/wp-content\/uploads\/2024\/10\/3_manchas_oscuras_1-1-300x297.jpg\" class=\"attachment-medium size-medium wp-image-7847\" alt=\"\" srcset=\"https:\/\/nizacientifica.com\/niza\/wp-content\/uploads\/2024\/10\/3_manchas_oscuras_1-1-300x297.jpg 300w, https:\/\/nizacientifica.com\/niza\/wp-content\/uploads\/2024\/10\/3_manchas_oscuras_1-1-150x150.jpg 150w, https:\/\/nizacientifica.com\/niza\/wp-content\/uploads\/2024\/10\/3_manchas_oscuras_1-1-768x761.jpg 768w, https:\/\/nizacientifica.com\/niza\/wp-content\/uploads\/2024\/10\/3_manchas_oscuras_1-1.jpg 1024w\" sizes=\"(max-width: 300px) 100vw, 300px\" \/><\/div>\n\t\t<\/a>\n\t\t\t\t<div class=\"elementor-post__text\">\n\t\t\t\t<h3 class=\"elementor-post__title\">\n\t\t\t<a href=\"https:\/\/nizacientifica.com\/niza\/nizahub\/tips\/manchas-oscuras-en-la-piel\/\" >\n\t\t\t\tMANCHAS OSCURAS EN LA PIEL\t\t\t<\/a>\n\t\t<\/h3>\n\t\t\t\t<div class=\"elementor-post__excerpt\">\n\t\t\t<p>En el \u00e1mbito de la est\u00e9tica, el \u00e1cido tranex\u00e1mico se utiliza para tratar manchas en la piel y otras alteraciones pigmentarias, gracias a su capacidad para regular la formaci\u00f3n de melanina. <\/p>\n\t\t<\/div>\n\t\t\n\t\t<a class=\"elementor-post__read-more\" href=\"https:\/\/nizacientifica.com\/niza\/nizahub\/tips\/manchas-oscuras-en-la-piel\/\" aria-label=\"M\u00e1s informaci\u00f3n sobre MANCHAS OSCURAS EN LA PIEL\" tabindex=\"-1\" >\n\t\t\tLeer m\u00e1s \u00bb\t\t<\/a>\n\n\t\t\t\t<\/div>\n\t\t\t\t<\/article>\n\t\t\t\t<article class=\"elementor-post elementor-grid-item post-5446 post type-post status-publish format-standard has-post-thumbnail hentry category-tips\" role=\"listitem\">\n\t\t\t\t<a class=\"elementor-post__thumbnail__link\" href=\"https:\/\/nizacientifica.com\/niza\/nizahub\/tips\/plan-de-accion-para-el-verano\/\" tabindex=\"-1\" >\n\t\t\t<div class=\"elementor-post__thumbnail\"><img loading=\"lazy\" decoding=\"async\" width=\"300\" height=\"297\" src=\"https:\/\/nizacientifica.com\/niza\/wp-content\/uploads\/2023\/11\/6_plan_de_accion_para_el_verano_2-300x297.jpg\" class=\"attachment-medium size-medium wp-image-7852\" alt=\"\" srcset=\"https:\/\/nizacientifica.com\/niza\/wp-content\/uploads\/2023\/11\/6_plan_de_accion_para_el_verano_2-300x297.jpg 300w, https:\/\/nizacientifica.com\/niza\/wp-content\/uploads\/2023\/11\/6_plan_de_accion_para_el_verano_2-150x150.jpg 150w, https:\/\/nizacientifica.com\/niza\/wp-content\/uploads\/2023\/11\/6_plan_de_accion_para_el_verano_2-768x761.jpg 768w, https:\/\/nizacientifica.com\/niza\/wp-content\/uploads\/2023\/11\/6_plan_de_accion_para_el_verano_2.jpg 1024w\" sizes=\"(max-width: 300px) 100vw, 300px\" \/><\/div>\n\t\t<\/a>\n\t\t\t\t<div class=\"elementor-post__text\">\n\t\t\t\t<h3 class=\"elementor-post__title\">\n\t\t\t<a href=\"https:\/\/nizacientifica.com\/niza\/nizahub\/tips\/plan-de-accion-para-el-verano\/\" >\n\t\t\t\tPLAN DE ACCION PARA EL VERANO\t\t\t<\/a>\n\t\t<\/h3>\n\t\t\t\t<div class=\"elementor-post__excerpt\">\n\t\t\t<p>La flacidez corporal, junto a la celulitis y las estr\u00edas, son algunos de los problemas est\u00e9ticos que m\u00e1s nos preocupan, sobre todo cuando llega el verano.<\/p>\n\t\t<\/div>\n\t\t\n\t\t<a class=\"elementor-post__read-more\" href=\"https:\/\/nizacientifica.com\/niza\/nizahub\/tips\/plan-de-accion-para-el-verano\/\" aria-label=\"M\u00e1s informaci\u00f3n sobre PLAN DE ACCION PARA EL VERANO\" tabindex=\"-1\" >\n\t\t\tLeer m\u00e1s \u00bb\t\t<\/a>\n\n\t\t\t\t<\/div>\n\t\t\t\t<\/article>\n\t\t\t\t<\/div>\n\t\t\t\t\t<span class=\"e-load-more-spinner\">\n\t\t\t\t<svg aria-hidden=\"true\" class=\"e-font-icon-svg e-fas-spinner\" viewBox=\"0 0 512 512\" xmlns=\"http:\/\/www.w3.org\/2000\/svg\"><path d=\"M304 48c0 26.51-21.49 48-48 48s-48-21.49-48-48 21.49-48 48-48 48 21.49 48 48zm-48 368c-26.51 0-48 21.49-48 48s21.49 48 48 48 48-21.49 48-48-21.49-48-48-48zm208-208c-26.51 0-48 21.49-48 48s21.49 48 48 48 48-21.49 48-48-21.49-48-48-48zM96 256c0-26.51-21.49-48-48-48S0 229.49 0 256s21.49 48 48 48 48-21.49 48-48zm12.922 99.078c-26.51 0-48 21.49-48 48s21.49 48 48 48 48-21.49 48-48c0-26.509-21.491-48-48-48zm294.156 0c-26.51 0-48 21.49-48 48s21.49 48 48 48 48-21.49 48-48c0-26.509-21.49-48-48-48zM108.922 60.922c-26.51 0-48 21.49-48 48s21.49 48 48 48 48-21.49 48-48-21.491-48-48-48z\"><\/path><\/svg>\t\t\t<\/span>\n\t\t\n\t\t\t\t<div class=\"e-load-more-anchor\" data-page=\"1\" data-max-page=\"2\" data-next-page=\"https:\/\/nizacientifica.com\/niza\/wp-json\/wp\/v2\/pages\/14\/page\/2\/\"><\/div>\n\t\t\t\t<div class=\"elementor-button-wrapper\">\n\t\t\t<a class=\"elementor-button elementor-size-sm\" role=\"button\">\n\t\t\t\t\t\t<span class=\"elementor-button-content-wrapper\">\n\t\t\t\t\t\t\t\t\t<span class=\"elementor-button-text\">Cargar m\u00e1s<\/span>\n\t\t\t\t\t<\/span>\n\t\t\t\t\t<\/a>\n\t\t<\/div>\n\t\t\t\t<div class=\"e-load-more-message\"><\/div>\n\t\t\t\t\t\t<\/div>\n\t\t\t\t<\/div>\n\t\t\t\t\t<\/div>\n\t\t\t\t<\/div>\n\t\t\t\t<\/div>\n\t\t","protected":false},"excerpt":{"rendered":"<p>EXPLOR\u00c1 LOS ART\u00cdCULOS SOBRE CUIDADO DE LA PIEL Y \u00daLTIMAS TENDENCIAS F\u00e1ciles de entender y siempre \u00fatiles, nuestros art\u00edculos sobre el cuidado de la piel te ayudan a comprender la ciencia detr\u00e1s del cuidado de la piel. Desde tutoriales hasta mitos sobre la piel, an\u00e1lisis profundos y mucho m\u00e1s, descubr\u00ed lo que realmente funciona, no [&hellip;]<\/p>\n","protected":false},"author":1,"featured_media":0,"parent":0,"menu_order":0,"comment_status":"closed","ping_status":"closed","template":"","meta":{"footnotes":""},"class_list":["post-14","page","type-page","status-publish","hentry"],"_links":{"self":[{"href":"https:\/\/nizacientifica.com\/niza\/wp-json\/wp\/v2\/pages\/14","targetHints":{"allow":["GET"]}}],"collection":[{"href":"https:\/\/nizacientifica.com\/niza\/wp-json\/wp\/v2\/pages"}],"about":[{"href":"https:\/\/nizacientifica.com\/niza\/wp-json\/wp\/v2\/types\/page"}],"author":[{"embeddable":true,"href":"https:\/\/nizacientifica.com\/niza\/wp-json\/wp\/v2\/users\/1"}],"replies":[{"embeddable":true,"href":"https:\/\/nizacientifica.com\/niza\/wp-json\/wp\/v2\/comments?post=14"}],"version-history":[{"count":28,"href":"https:\/\/nizacientifica.com\/niza\/wp-json\/wp\/v2\/pages\/14\/revisions"}],"predecessor-version":[{"id":9478,"href":"https:\/\/nizacientifica.com\/niza\/wp-json\/wp\/v2\/pages\/14\/revisions\/9478"}],"wp:attachment":[{"href":"https:\/\/nizacientifica.com\/niza\/wp-json\/wp\/v2\/media?parent=14"}],"curies":[{"name":"wp","href":"https:\/\/api.w.org\/{rel}","templated":true}]}}